{"id":107,"date":"2012-01-05T09:49:22","date_gmt":"2012-01-05T09:49:22","guid":{"rendered":"http:\/\/85.201.121.98\/livre\/?page_id=107"},"modified":"2014-07-29T09:14:58","modified_gmt":"2014-07-29T09:14:58","slug":"gouvy","status":"publish","type":"page","link":"https:\/\/gouvy.eu\/livre\/23-villages\/gouvy\/","title":{"rendered":"Gouvy"},"content":{"rendered":"<p><em>1\u2009136 Habitants<\/em><\/p>\n<p><em>\u00c9tymologie\u00a0: selon la tradition, une jeune fille de Bellain, nomm\u00e9e G\u00fclich, vivant vers l\u2019an 1300, se serait rendue \u00e0 Cologne o\u00f9 elle aurait fait fortune. Son fils, revenu dans le pays, se serait fait construire un ch\u00e2teau qu\u2019il ne put achever et autour duquel se group\u00e8rent quelques habitations. De l\u00e0, le nom de G\u00fclich &#8211; par extension Gouvy &#8211; donn\u00e9 \u00e0 la localit\u00e9. Le fait est qu\u2019il y a eu jadis \u00e0 Gouvy un, voire deux ch\u00e2teaux inachev\u00e9s.<\/em><\/p>\n<p><em>Selon R.\u00a0Felten, le nom de Gouvy proviendrait de \u00ab\u00a0Go\u00fb\u00a0\u00bb, d\u00e9riv\u00e9 du nom propre germanique \u00ab\u00a0Godulf\u00a0\u00bb et de \u00ab\u00a0Vi\u00a0\u00bb, du latin \u00ab\u00a0vicus\u00a0\u00bb, rue, ferme. Gouvy serait donc \u00ab\u00a0la ferme de Godulf\u00a0\u00bb.<\/em><\/p>\n<p>Pendant huit si\u00e8cles environ, l\u2019histoire de Gouvy a \u00e9t\u00e9 li\u00e9e \u00e0 celle du comt\u00e9 de Salm &#8211; pour une petite partie du village seulement -, \u00e0 celle de la seigneurie de Houffalize, \u00e0 celle du duch\u00e9 de Luxembourg par le biais de la pr\u00e9v\u00f4t\u00e9 de Bastogne et plus pr\u00e9cis\u00e9ment par celui des mairies de Hoffelt et de Gouvy, \u00e0 celle de la cour de Cherain et \u00e0 celles des petites seigneuries de Beho, d\u2019Amas, de Steinbach et de Rouvroy.<\/p>\n<p>En 1586, Gouvy \u00e9tait d\u00e9j\u00e0 \u00e9rig\u00e9 en mairie avec Ourthe et Deiffelt.<\/p>\n<p>L\u2019objet du pr\u00e9sent document n\u2019est pas d\u2019\u00e9tablir les diverses appartenances du village, t\u00e2che malais\u00e9e, car il faut bien \u00e9videmment prendre en consid\u00e9ration le fait que les divisions furent en perp\u00e9tuelle mouvance tout au long de ces huit derniers si\u00e8cles. Au d\u00e9but du 14e si\u00e8cle, une partie du village de Gouvy relevait du comte de Salm.<\/p>\n<p>Gouvy a form\u00e9 une commune \u00e0 part jusqu\u2019en 1\u2009824, date de sa r\u00e9union aux deux sections de Limerl\u00e9 et de Steinbach pour constituer la commune de Limerl\u00e9. \u00c9rig\u00e9 \u00e0 nouveau en commune depuis le premier octobre\u00a01977, Gouvy est le plus gros village de l\u2019entit\u00e9.<\/p>\n<p>Caract\u00e9ris\u00e9 par la dualit\u00e9 \u00ab\u00a0Gare &#8211; quartier commercial\u00a0\u00bb et \u00ab\u00a0Village &#8211; vieux quartier\u00a0\u00bb, Gouvy domine la vall\u00e9e de l\u2019Ourthe et se baigne dans les eaux du Mayon.<\/p>\n<h2>Gouvy Gare<\/h2>\n<p>\u00ab\u00a0Village champignon\u00a0\u00bb dont la croissance fut essentiellement li\u00e9e au d\u00e9veloppement des chemins de fer au d\u00e9but du 20e si\u00e8cle, la partie Nord-Est du village s\u2019est tr\u00e8s vite ax\u00e9e vers les activit\u00e9s commerciales et administratives. Rien n\u2019y manque et vous y trouverez tous les objets et renseignements n\u00e9cessaires \u00e0 un s\u00e9jour agr\u00e9able.<\/p>\n<p>Durant la guerre\u00a014 -18, afin de permettre l\u2019acheminement du mat\u00e9riel de guerre \u00e0 destination de Verdun, les autorit\u00e9s occupantes d\u00e9cid\u00e8rent le doublement de la voie en direction de Bastogne. Pour ce faire, ils firent appel \u00e0 des travailleurs civils puis au travail forc\u00e9 de prisonniers russes et alli\u00e9s log\u00e9s dans des camps de baraquements itin\u00e9rants. C\u2019est \u00e0 la m\u00eame \u00e9poque que fut construit l\u2019imposant d\u00e9p\u00f4t de machines \u00e0 vapeur. Il faut noter qu\u2019\u00e0 cette \u00e9poque, la circulation, de m\u00eame que la signalisation, se faisait \u00e0 droite, comme sur le r\u00e9seau prussien.<\/p>\n<p>Pr\u00e9c\u00e9d\u00e9e d\u2019une longue all\u00e9e d\u2019\u00e9rables, la chapelle de Gouvy &#8211; gare, d\u00e9di\u00e9e \u00e0 Notre-Dame Auxiliatrice, a \u00e9t\u00e9 construite en 1932 \u00e0 l\u2019initiative de l\u2019abb\u00e9 Mar\u00e9chal et financ\u00e9e en grande partie par Odon\u00a0Warland.<\/p>\n<p>N\u0153ud ferroviaire et gare fronti\u00e8re, la station de Gouvy, datant de la fin du si\u00e8cle dernier (1\u2009871), \u00e9tait le point de jonction des lignes en direction de l\u2019Allemagne via Saint-Vith, de Li\u00e8ge, Bastogne et Luxembourg.<\/p>\n<p>La ligne Luxembourg &#8211; Gouvy &#8211; Li\u00e8ge via Spa a \u00e9t\u00e9 livr\u00e9e au service public le 20\u00a0f\u00e9vrier\u00a01867, tandis que la ligne Gouvy &#8211; Limerl\u00e9 \u00e9tait ouverte le 26\u00a0octobre\u00a01885, suivant d\u2019un an l\u2019ouverture de la ligne Bastogne &#8211; Limerl\u00e9 (20\u00a0f\u00e9vrier\u00a01884).<\/p>\n<p>La transformation des modes de vie et la multiplication des moyens de transport individuels ont entrain\u00e9 la d\u00e9saffection partielle de la station et la suppression des liaisons vers Saint-Vith (1\u2009958) et Bastogne (1\u2009983).<\/p>\n<p>Autrefois premier employeur de la r\u00e9gion, la gare de Gouvy subit de profondes mutations. L\u2019\u00e9lectrification de la ligne Luxembourg &#8211; Li\u00e8ge, indispensable \u00e0 son maintien et qui donnera au Grand Duch\u00e9 un acc\u00e8s au T.G.V. \u00e0 Li\u00e8ge a justifi\u00e9 la suppression de l\u2019atelier de r\u00e9paration de locomotives \u00ab\u00a0Diesel\u00a0\u00bb.<\/p>\n<p>De part et d\u2019autre des voies ferr\u00e9es, partiellement combl\u00e9s, de nombreux \u00ab\u00a0trous de bombes\u00a0\u00bb t\u00e9moignent encore aujourd\u2019hui des bombardements subis au cours du dernier conflit mondial. De multiples ouvrages d\u2019art ont \u00e9t\u00e9 dynamit\u00e9s pour ralentir la progression de l\u2019ennemi\u2009; leurs vestiges sont encore bien visibles en direction de Limerl\u00e9.<\/p>\n<p>De la glorieuse \u00e9poque de la vapeur, la station conserve encore, juch\u00e9s sur quelques hauteurs, divers r\u00e9servoirs d\u2019eau actuellement hors d\u2019usage.<\/p>\n<h2>Gouvy-Village<\/h2>\n<p>Baign\u00e9s par les eaux calmes du Mayon, les vieux quartiers de Gouvy se distinguent de \u00ab\u00a0la Gare\u00a0\u00bb par le caract\u00e8re typiquement ardennais de leurs vieilles b\u00e2tisses dont les plus beaux fleurons sont sans nul doute \u00ab\u00a0la ferme Entringer\u00a0\u00bb et \u00ab\u00a0la ferme Burnotte\u00a0\u00bb.<\/p>\n<h2>L\u2019\u00e9glise Saint-Aubin<\/h2>\n<p>Dominant le vieux bourg de sa masse imposante, l\u2019\u00e9glise paroissiale Saint-Aubin a \u00e9t\u00e9 \u00e9difi\u00e9e, \u00e0 l\u2019initiative de la famille Scheurette, \u00e0 l\u2019emplacement de deux anciens \u00e9difices. Une dalle comm\u00e9morative situ\u00e9e sur le flanc gauche de l\u2019\u00e9difice rappelle la date de sa reconstruction. On peut aussi y voir les armoiries du Seigneur et mayeur d\u2019Amas, Jean Henri Scheurette.<\/p>\n<p>Le mobilier int\u00e9rieur ornant la nef et le ch\u0153ur est particuli\u00e8rement riche pour le 18e si\u00e8cle. Il est d\u00fb \u00e0 Crimer, d\u2019Ourthe et \u00e0 Close, de Deiffelt. \u00c0 remarquer\u00a0: la chaire de v\u00e9rit\u00e9, les stalles et lambris de bois entourant la nef et fermant la sacristie. Le maitre autel impressionne par ses dimensions et fr\u00f4le la voute. Son triple tabernacle tournant a \u00e9t\u00e9 extrait pour constituer le pied de l\u2019autel actuel, faisant face \u00e0 l\u2019assistance. Dans le ch\u0153ur, on remarquera deux splendides lutrins en forme d\u2019aigles triomphants, aux ailes d\u00e9ploy\u00e9es.<\/p>\n<h2>Antoine\u00a0Hasech, cur\u00e9 centenaire\u2026<\/h2>\n<blockquote><p>L\u2019un des premiers cur\u00e9s de Gouvy a \u00e9t\u00e9 le sieur Hasech Antoine, c\u00e9l\u00e8bre par son grand \u00e2ge\u00a0: n\u00e9 en 1401, il mourut en 1526 et fut, de 1\u2009426 \u00e0 1\u2009526\u00a0cur\u00e9 de G\u00fclich, dans le dioc\u00e8se de Li\u00e8ge (cf. dictionnaire historique de l\u2019abb\u00e9 Feller, r\u00e9f\u00e9rence Hasech).<\/p>\n<p>Le cur\u00e9 de Gouvy, alors plus que centenaire, avait \u00e9t\u00e9 d\u00e9nonc\u00e9 \u00e0 l\u2019\u00e9v\u00eaque de Li\u00e8ge comme \u00e9tant retomb\u00e9 en enfance. \u00c0 la suite de cette malveillance, \u00e9manant sans doute d\u2019un confr\u00e8re d\u00e9sireux d\u2019obtenir le b\u00e9n\u00e9fice de la cure, le pr\u00e9lat fit venir le v\u00e9n\u00e9rable cur\u00e9 pour s\u2019assurer de l\u2019int\u00e9grit\u00e9 de ses facult\u00e9s intellectuelles. Ainsi, il lui demanda combien on comptait de sacrements\u00a0:<\/p>\n<p>&#8211; \u00ab\u00a0Six\u00a0\u00bb r\u00e9pondit le vieillard et, sur l\u2019exclamation d\u2019\u00e9tonnement de l\u2019\u00e9v\u00eaque, il les \u00e9num\u00e9ra tous \u00e0 l\u2019exception de la confirmation.<\/p>\n<p>&#8211; \u00ab\u00a0Vous oubliez le sacrement de confirmation\u00a0\u00bb, lui dit s\u00e9v\u00e8rement l\u2019\u00e9v\u00eaque.<\/p>\n<p>&#8211; \u00ab\u00a0Pardonnez-moi, monseigneur\u00a0\u00bb, r\u00e9partit humblement le brave cur\u00e9, \u00ab\u00a0voil\u00e0 cent ans que j\u2019occupe la paroisse de Gouvy, et pendant tout ce si\u00e8cle, pas un \u00e9v\u00eaque n\u2019y est venu administrer ce sacrement. Je le croyais donc aboli\u00a0\u00bb.<\/p>\n<p>Comme on lui demandait un jour de quelle eau de jouvence il s\u2019\u00e9tait servi pour atteindre un \u00e2ge aussi avanc\u00e9, il r\u00e9pondit en souriant\u00a0:<\/p>\n<p>&#8211; \u00ab\u00a0je me suis abstenu de trois choses\u00a0: mulierum, ebrietatis, et iracundiae\u00a0\u00bb. (Les femmes, la boisson et l\u2019emportement.)<\/p>\n<p>On trouve \u00e0 Gouvy, notamment au presbyt\u00e8re et \u00e0 la ferme-chateau Entringer, des portraits \u00e0 l\u2019huile et des lithographies de l\u2019abb\u00e9 Hasech, un beau vieillard \u00e0 la barbe blanche et \u00e0 la figure patriarcale.<\/p><\/blockquote>\n<h2>Le vieux cimeti\u00e8re<\/h2>\n<p>Le cimeti\u00e8re environnant est riche en monuments fun\u00e9raires, dont les plus anciens remontent au 17e si\u00e8cle Un inventaire descriptif r\u00e9alis\u00e9 par M.\u00a0Carlo Kockerols avant la transformation de ce cimeti\u00e8re, a \u00e9t\u00e9 \u00e9dit\u00e9 en 1\u2009995 et r\u00e9\u00e9dit\u00e9 en 1996 par le I.D. Gouvy asbl.<\/p>\n<p>Vous pouvez acc\u00e9der \u00e0 la version PDF de ce document en cliquant ici. Attention : le t\u00e9l\u00e9chargement peut durer assez longtemps, dans la mesure o\u00f9 le fichier est cons\u00e9quent (45 Mo).<\/p>\n<p>L\u2019Administration Communale, aid\u00e9e par la Division du Patrimoine de la R\u00e9gion wallonne vient de proc\u00e9der \u00e0 la mise en valeur de ce site, auquel les nombreuses anciennes croix et dalles de schiste donnent une valeur inestimable.<\/p>\n<p>\u00c0 l\u2019avant de l\u2019\u00e9glise, le monument aux morts, en petit granit, dans un enclos de fer forg\u00e9, se pr\u00e9sente sous la forme d\u2019un octogone surmont\u00e9 d\u2019un soldat casqu\u00e9 montant la garde. Fait curieux, sur ses diff\u00e9rentes faces, le monument reprend plusieurs noms russes, anglais, italiens et fran\u00e7ais mentionn\u00e9s sous les armes de leurs pays respectifs. Il s\u2019agit en fait de prisonniers de guerre alli\u00e9s que les occupants allemands employaient \u00e0 la construction de la ligne de chemin de fer \u00ab\u00a0Gouvy &#8211; Saint-Vith\u00a0\u00bb, durant la Premi\u00e8re Guerre mondiale.<\/p>\n<h2>Le ch\u00e2teau &#8211; ferme Scheurette<\/h2>\n<p>Faisant face \u00e0 l\u2019\u00e9glise paroissiale, le ch\u00e2teau &#8211; ferme Scheurette, pass\u00e9 par alliance \u00e0 la famille Entringer, est signal\u00e9 d\u00e8s 1606 (inscription sur le montant de chemin\u00e9e). Robuste ferme de gr\u00e8s schisteux enduit et de schiste ardoisier, cette demeure fut acquise en 1718 par Henri\u00a0Scheurette, de Gouvy, mayeur de Gouvy et de la cour d\u2019Amas. L\u2019ensemble est ferm\u00e9 par un mur bas, ceinturant une cour int\u00e9rieure recouverte de pav\u00e9s de gr\u00e8s accessible par un porche en anse de panier.<\/p>\n<p>\u00c0 remarquer\u00a0: l\u2019\u00e9brasement de la porte d\u2019entr\u00e9e, finement ouvrag\u00e9, avec encadrement \u00e0 croisettes est frapp\u00e9 d\u2019un phylact\u00e8re avec \u00e9pigraphe \u00ab\u00a0lou\u00e9 soit J\u00e9sus Christ\u00a0\u00bb et surmont\u00e9 d\u2019une niche contenant une statuette de la vierge. Le b\u00e2timent n\u2019est malheureusement pas visitable et m\u00e9riterait d\u2019\u00eatre entretenu et r\u00e9nov\u00e9.<\/p>\n<h2>Le \u00ab\u00a0ch\u00e2teau De Potter\u00a0\u00bb<\/h2>\n<p>Face \u00e0 l\u2019\u00e9glise, on ne manquera pas d\u2019admirer l\u2019ancienne maison de maitre du docteur Scheurette, plus connue sous l\u2019appellation \u00ab\u00a0ch\u00e2teau De Potter\u00a0\u00bb. Dominant un parc ombrag\u00e9, elle a \u00e9t\u00e9 remarquablement restaur\u00e9e et mise en valeur.<\/p>\n<h2>Le \u00ab\u00a0ch\u00e2teau De Potter\u00a0\u00bb, h\u00f4pital de campagne\u2026<\/h2>\n<p>Pendant l\u2019offensive des Ardennes, la vaste demeure habit\u00e9e par monsieur L\u00e9on De Potter et sa famille, situ\u00e9e rue d\u2019Houffalize, pr\u00e8s de l\u2019\u00e9glise, \u00e0 Gouvy fut r\u00e9quisitionn\u00e9e par l\u2019arm\u00e9e allemande pour servir d\u2019h\u00f4pital militaire.<\/p>\n<p>La demeure \u00e9tant vaste, le grand salon situ\u00e9 dans l\u2019aile droite fut transform\u00e9 en salle d\u2019op\u00e9ration. La famille devant, quant \u00e0 elle, se replier dans les caves du b\u00e2timent.<\/p>\n<p>Le grand hall d\u2019entr\u00e9e faisait office de salle d\u2019attente pour les bless\u00e9s avant les interventions, toutes les chambres ayant \u00e9t\u00e9 transform\u00e9es en dortoirs pour les malades et les op\u00e9r\u00e9s. Dans ces chambres, des couches, s\u00e9par\u00e9es par des petites cloisons maintenant les paillasses, avaient \u00e9t\u00e9 am\u00e9nag\u00e9es \u00e0 m\u00eame le sol, sur le parquet.<\/p>\n<p>Les bless\u00e9s subissaient des op\u00e9rations de toutes natures, y compris des amputations, sans \u00eatre endormis. Les m\u00e9dicaments \u00e9tant rares, \u00e0 d\u00e9faut de pouvoir les endormir, on soulageait les douleurs des victimes en leur donnant une bonne rasade de \u00ab\u00a0Pecket\u00a0\u00bb.<\/p>\n<p>Il y eut \u00e9norm\u00e9ment de d\u00e9c\u00e8s. Dans un premier temps, les morts \u00e9taient rang\u00e9s pr\u00e8s du poulailler, avant d\u2019\u00eatre enterr\u00e9s dans le potager par des prisonniers. Une simple croix de bois portant le num\u00e9ro de matricule du mort marquait l\u2019endroit de la tombe.<\/p>\n<p>Lors du bombardement de Gouvy, une bombe de 1.000\u00a0kg tomba dans la pelouse, devant l\u2019h\u00f4pital. Un Allemand fut enseveli vivant par le d\u00e9placement des terres\u2009; fort heureusement, ses camarades l\u2019avaient vu et r\u00e9ussirent \u00e0 le sauver\u2026<\/p>\n<h2>La ferme Burnotte<\/h2>\n<p>La ferme Burnotte (1\u2009711 1\u2009834), situ\u00e9e \u00e0 l\u2019angle de la chauss\u00e9e de Houffalize et de la rue du Centre pr\u00e9sente un vaste b\u00e2timent ferm\u00e9 par une enceinte en pierres du pays recouvertes d\u2019enduit et pass\u00e9es \u00e0 la chaux. On remarquera le dallage en schiste bleu du porche d\u2019entr\u00e9e et l\u2019imposante porte charreti\u00e8re de la cour int\u00e9rieure.<\/p>\n<h2>Autres curiosit\u00e9s<\/h2>\n<p>Au bord de l\u2019ancienne \u00ab\u00a0Voie de Salm\u00a0\u00bb, sous un appentis de cherbins, se trouve un petit \u00e9dicule reposoir de la seconde moiti\u00e9 du 18e si\u00e8cle. Il abrite une st\u00e8le d\u2019arkose de style baroque tardif, dans la tradition de l\u2019Eifel proche, frapp\u00e9e d\u2019un c\u0153ur ardent au monogramme \u00ab\u00a0M.\u00e0.\u00a0\u00bb coiff\u00e9 d\u2019un panache d\u2019acanthe et d\u2019un ch\u00e9rubin.<\/p>\n<p>Dans le m\u00eame quartier, en revenant vers la place de l\u2019\u00e9glise, plusieurs maisons anciennes attireront l\u2019attention du visiteur\u00a0: la maison Clotuche (N\u00b0\u00a014) et l\u2019\u00e9dicule qui lui fait face, la ferme Haan, la maison Brasseur, le presbyt\u00e8re, la ferme Clotuche (rue de l\u2019\u00e9glise) et quelques vieilles b\u00e2tisses de la rue du Becha\u00eet.<\/p>\n<p>Le long de l\u2019ancienne route menant \u00e0 Bellain, \u00e0 quelques m\u00e8tres de la fronti\u00e8re luxembourgeoise, \u00e0 l\u2019or\u00e9e d\u2019un petit bois de sapins, un monument comm\u00e9moratif a \u00e9t\u00e9 dress\u00e9 \u00e0 l\u2019endroit m\u00eame o\u00f9 l\u2019on retrouva les corps des fr\u00e8res L\u00e9onard, quatre jeunes r\u00e9sistants ex\u00e9cut\u00e9s, sur ordre du dirigeant fasciste L\u00e9on\u00a0Degrelle, \u00e0 la fin de la Seconde Guerre mondiale.<\/p>\n<p>Au lieudit \u00ab\u00a0Sur les monts\u00a0\u00bb, une imposante croix de mission rapha\u00e9liste en b\u00e9ton fut \u00e9rig\u00e9e en 1935. De l\u00e0, le promeneur b\u00e9n\u00e9ficiera d\u2019un joli point de vue sur le groupement constitu\u00e9 par la ferme Scheurette, le ch\u00e2teau et l\u2019\u00e9glise.<\/p>\n<h2>Premi\u00e8res frayeurs\u2026 spatiales\u2009!!!<\/h2>\n<blockquote><p>\u00ab\u00a0J\u2019avais 11\u00a0ans \u00e0 l\u2019\u00e9poque, et j\u2019\u00e9tais d\u00e9j\u00e0 assez d\u00e9lur\u00e9e\u2009; aussi, lorsqu\u2019il y avait possibilit\u00e9 d\u2019\u00e9viter la messe matinale et de la remplacer par une autre activit\u00e9 plus agr\u00e9able, je ne manquais jamais l\u2019occasion.<\/p>\n<p>Durant les quatre longues ann\u00e9es de guerre que nous venions de subir, les occupants allemands avaient, \u00e0 plusieurs reprises, saisi une partie de notre troupeau de vaches et quelques porcs. Pour \u00e9viter que cela se reproduise, surtout en cette p\u00e9riode de retraite mouvement\u00e9e de l\u2019ennemi, mon papa avait \u00ab\u00a0cach\u00e9\u00a0\u00bb quelques vaches laiti\u00e8res dans une p\u00e2ture, \u00e0 l\u2019\u00e9cart des chemins fr\u00e9quent\u00e9s et dissimul\u00e9es aux regards indiscrets par quelques rang\u00e9es de sapins, aux alentours de Cherapont, non loin de la route de Rettigny.<\/p>\n<p>Ce matin-l\u00e0, vers 7\u00a0heures, je m\u2019\u00e9tais donc rendue dans la prairie pour aller traire le b\u00e9tail, en compagnie de papa et de mon fr\u00e8re Louis. Alors que nous rentrions vers Gouvy, charg\u00e9 de nos cruches, par un chemin d\u00e9tourn\u00e9 pour \u00e9viter d\u2019\u00e9ventuelles mauvaises rencontres, nous avons \u00e9t\u00e9 brutalement surpris par un vacarme infernal, un indescriptible bruit de fin du monde, un tintamarre jamais encore entendu auparavant, plus violent que toutes les explosions dont nous avions malheureusement trop souvent fait notre quotidien. Le sol s\u2019est mis \u00e0 trembler violemment tandis qu\u2019une \u00e9trange lueur semblait jaillir des bois du \u00ab\u00a0Beuleu\u00a0\u00bb avoisinant. \u00ab\u00a0Couchez-vous\u00a0\u00bb, nous cria mon p\u00e8re effray\u00e9. Nous nous jet\u00e2mes alors sur le sol, la t\u00eate cach\u00e9e par les fanes des pommes de terre plant\u00e9es \u00e0 cet endroit. \u00ab\u00a0Fameuse cachette, en v\u00e9rit\u00e9, nous \u00e9tions bien prot\u00e9g\u00e9s par ces l\u00e9gumes\u2026\u00a0\u00bb Alors que je me serrais contre mon p\u00e8re et mon fr\u00e8re, curiosit\u00e9 toute f\u00e9minine, j\u2019ai malgr\u00e9 tout eu le courage de jeter un petit coup d\u2019oeil vers l\u2019origine du vacarme. C\u2019est alors que j\u2019ai pu distinguer, dans une lueur \u00e9blouissante, accompagn\u00e9 d\u2019un sifflement strident et assourdissant, un objet \u00e9norme et \u00e9trange qui s\u2019\u00e9leva dans les airs puis disparut au loin.<\/p>\n<p>Il faut dire que la veille, \u00e9trangement, alors que les troupes d\u2019occupation se repliaient en direction de l\u2019Allemagne, un convoi transportant une esp\u00e8ce de gigantesque \u00e9chafaudage (j\u2019apprendrai plus tard que c\u2019\u00e9tait la rampe de lancement) et des tubes \u00e9normes, sur des camions soigneusement b\u00e2ch\u00e9s, avait travers\u00e9 le village en provenance de Beho.<\/p>\n<p>Quelques jours plus tard, en \u00e9coutant secr\u00e8tement la Radio de Londres, nous avons appris qu\u2019il s\u2019agissait du lancement de fus\u00e9es V2 en direction de Paris. Une seconde fus\u00e9e est partie, du m\u00eame endroit, vers 11\u00a0heures du matin et s\u2019est \u00e9cras\u00e9e, 5\u00a0minutes plus tard, \u00e0 une vitesse de 8.500\u00a0kilom\u00e8tres\/heure, sur Maisons-Alfort, provoquant des d\u00e9g\u00e2ts consid\u00e9rables et tuant une quinzaine de personnes.<\/p>\n<p>Qui aurait pu imaginer, en ce 8\u00a0septembre\u00a01944, \u00e0 8\u00a0heures du matin, qu\u2019une petite paysanne comme moi allait \u00eatre une des rares privil\u00e9gi\u00e9es \u00e0 assister au premier lancement op\u00e9rationnel de ce qui est encore aujourd\u2019hui consid\u00e9r\u00e9 comme l\u2019anc\u00eatre des fus\u00e9es spatiales.\u00a0\u00bb<\/p>\n<p>Marcelle\u00a0Nissen, la petite fille de 1\u2009944, qui nous a narr\u00e9 ces \u00e9v\u00e8nements, est la derni\u00e8re survivante ayant assist\u00e9 au premier tir de la fus\u00e9e V2 depuis le lieudit \u00ab\u00a0le Beuleu\u00a0\u00bb. Raymond\u00a0Boulanger, exploitant du complexe touristique de Cherapont, a assist\u00e9, quant \u00e0 lui, au lancement de 11\u00a0heures qui a frapp\u00e9 la petite ville fran\u00e7aise. Les \u00e9v\u00e8nements relat\u00e9s ci-dessus ont \u00e9t\u00e9 confirm\u00e9s, en 1996, par l\u2019arm\u00e9e allemande.<\/p><\/blockquote>\n<h2>Le RAVeL<\/h2>\n<p>Au terme d\u2019une dizaine d\u2019ann\u00e9es d\u2019avant-projets et de tergiversations, au moment o\u00f9 nous mettons sous presse, Gouvy vient de voir un de ses principaux projets touristiques couronn\u00e9 de succ\u00e8s. Le 16\u00a0d\u00e9cembre\u00a02009, le Conseil Communal a officiellement pris connaissance de l\u2019adjudication des travaux d\u2019am\u00e9nagement du RAVeL (R\u00e9seau Autonome de Voies Lentes) par la R\u00e9gion Wallonne et la Commune, en utilisant l\u2019\u00ab\u00a0assiette\u00a0\u00bb de l\u2019ancienne ligne \u00ab\u00a0Gouvy \u2013 Bastogne\u00a0\u00bb.<\/p>\n<p>Dans un premier temps, en 2010, ce \u00ab\u00a0RAVeL\u00a0\u00bb va relier Houffalize (et donc Bastogne) \u00e0 Limerl\u00e9 et \u00e0 Gouvy (rue du Ch\u00eane \u2013 acc\u00e8s \u00e0 la place de la Gare par la Chauss\u00e9e de Houffalize \u2013).<\/p>\n<p>Il faut esp\u00e9rer que par la suite d\u2019autres am\u00e9nagements \u2013 couteux \u2013 permettront d\u2019acc\u00e9der \u00e0 la place de la Gare de Gouvy sans quitter le \u00ab\u00a0RAVeL\u00a0\u00bb.<\/p>\n<p>Des prolongements sont \u00e9galement \u00e0 l\u2019\u00e9tude vers le Grand Duch\u00e9 et les Cantons de l\u2019Est.<\/p>\n<p>Nul doute, vu le succ\u00e8s rencontr\u00e9 par l\u2019offre de promenades p\u00e9destres balis\u00e9es du Syndicat d\u2019Initiative sans cesse am\u00e9lior\u00e9e et diversifi\u00e9e depuis plus de 30\u00a0ans, que ce remarquable \u00ab\u00a0plus\u00a0\u00bb sera appr\u00e9ci\u00e9 \u00e0 sa juste valeur.<\/p>\n<p><strong>Promenade S.I. passant par le village de Gouvy<\/strong><\/p>\n<ul>\n<li>d\u00e9part bureau du Syndicat d\u2019Initiative\n<ul>\n<li>N\u00ba\u00a01 4,3\u00a0km 1\u00a0h\u00a030 rouge facile, point de vue, for\u00eat<\/li>\n<li>N\u00ba\u00a02 11\u00a0km 3\u00a0h jaune facile, point de vue sur Gouvy, for\u00eat, campagne<\/li>\n<li>N\u00ba\u00a03 7,7\u00a0km 2\u00a0h vert tr\u00e8s facile, campagne, for\u00eat<\/li>\n<li>N\u00ba\u00a04 10,5\u00a0km 3\u00a0h bleu facile, for\u00eat, Chapelle St-Martin (aller-retour)<\/li>\n<li>N\u00ba\u00a05 4\u00a0km 1\u00a0h jaune \u23a1facile, point de vue<\/li>\n<li>N\u00ba\u00a035 8,5\u00a0km 3\u00a0h jaune for\u00eat, campagne, point de vue<\/li>\n<\/ul>\n<\/li>\n<li>d\u00e9part \u00e9glise de Gouvy\n<ul>\n<li>N\u00ba\u00a07 2,8\u00a0km 1\u00a0h bleu tr\u00e8s facile, point de vue sur la vall\u00e9e de l\u2019Ourthe et le village<\/li>\n<li>N\u00ba\u00a08 2,8\u00a0km 1\u00a0h vert \u23a1tr\u00e8s facile, point de vue sur la vall\u00e9e de l\u2019Ourthe<\/li>\n<li>N\u00b0\u00a011 9,5\u00a0km 3\u00a0h\u00a020 jaune facile, tr\u00e8s vari\u00e9e, bois et campagne, points de vue<\/li>\n<\/ul>\n<\/li>\n<\/ul>\n<h1>Parcours VTT \u2013 D\u00e9part bureau du S.I. de Gouvy<\/h1>\n<blockquote>\n<ul>\n<li>N\u00ba\u00a01 13\u00a0km rouge<\/li>\n<li>N\u00ba\u00a02 23\u00a0km vert<\/li>\n<li>N\u00ba\u00a03 37\u00a0km jaune<\/li>\n<li>N\u00ba\u00a04 31\u00a0km rouge<\/li>\n<li>N\u00ba\u00a05 24\u00a0km jaune<\/li>\n<\/ul>\n<\/blockquote>\n","protected":false},"excerpt":{"rendered":"<p>1\u2009136 Habitants \u00c9tymologie\u00a0: selon la tradition, une jeune fille de Bellain, nomm\u00e9e G\u00fclich, vivant vers l\u2019an 1300, se serait rendue \u00e0 Cologne o\u00f9 elle aurait fait fortune. Son fils, revenu dans le pays, se serait fait construire un ch\u00e2teau qu\u2019il ne put achever et autour duquel se group\u00e8rent quelques habitations. De l\u00e0, le nom de [&hellip;]<\/p>\n","protected":false},"author":1,"featured_media":0,"parent":2,"menu_order":12,"comment_status":"closed","ping_status":"open","template":"","meta":{"footnotes":"","_links_to":"","_links_to_target":""},"class_list":["post-107","page","type-page","status-publish","hentry"],"_links":{"self":[{"href":"https:\/\/gouvy.eu\/livre\/wp-json\/wp\/v2\/pages\/107","targetHints":{"allow":["GET"]}}],"collection":[{"href":"https:\/\/gouvy.eu\/livre\/wp-json\/wp\/v2\/pages"}],"about":[{"href":"https:\/\/gouvy.eu\/livre\/wp-json\/wp\/v2\/types\/page"}],"author":[{"embeddable":true,"href":"https:\/\/gouvy.eu\/livre\/wp-json\/wp\/v2\/users\/1"}],"replies":[{"embeddable":true,"href":"https:\/\/gouvy.eu\/livre\/wp-json\/wp\/v2\/comments?post=107"}],"version-history":[{"count":7,"href":"https:\/\/gouvy.eu\/livre\/wp-json\/wp\/v2\/pages\/107\/revisions"}],"predecessor-version":[{"id":197,"href":"https:\/\/gouvy.eu\/livre\/wp-json\/wp\/v2\/pages\/107\/revisions\/197"}],"up":[{"embeddable":true,"href":"https:\/\/gouvy.eu\/livre\/wp-json\/wp\/v2\/pages\/2"}],"wp:attachment":[{"href":"https:\/\/gouvy.eu\/livre\/wp-json\/wp\/v2\/media?parent=107"}],"curies":[{"name":"wp","href":"https:\/\/api.w.org\/{rel}","templated":true}]}}