{"id":24,"date":"2012-01-04T11:09:42","date_gmt":"2012-01-04T11:09:42","guid":{"rendered":"http:\/\/85.201.121.98\/livre\/?page_id=24"},"modified":"2014-08-05T09:40:36","modified_gmt":"2014-08-05T09:40:36","slug":"le-livre","status":"publish","type":"page","link":"https:\/\/gouvy.eu\/livre\/le-livre\/","title":{"rendered":"Le livre"},"content":{"rendered":"<p><img loading=\"lazy\" decoding=\"async\" class=\"alignright size-medium wp-image-257\" src=\"http:\/\/gouvy.eu\/livre\/files\/le-livre\/livre-couverture-201x300.jpg\" alt=\"livre-couverture\" width=\"201\" height=\"300\" srcset=\"https:\/\/gouvy.eu\/livre\/files\/le-livre\/livre-couverture-201x300.jpg 201w, https:\/\/gouvy.eu\/livre\/files\/le-livre\/livre-couverture.jpg 300w\" sizes=\"auto, (max-width: 201px) 100vw, 201px\" \/>Con\u00e7u et r\u00e9alis\u00e9 par <strong>I.D. Gouvy asbl \u00a9<\/strong><\/p>\n<p>En collaboration avec\u00a0le <strong>Syndicat d\u2019Initiative des Sources de l\u2019Ourthe Orientale asbl<\/strong><\/p>\n<p>Gouvy, juin 1997, 1re \u00e9dition<\/p>\n<p>Janvier 2011 2e \u00e9dition \u00e9lectronique<\/p>\n<p>I.D. Gouvy asbl est le cr\u00e9ateur et l\u2019\u00e9diteur responsable du site <a href=\"http:\/\/www.gouvy.eu\">www.gouvy.eu<\/a><\/p>\n<p><strong>I.D. Gouvy asbl \u00a9\u00a0<\/strong>Rue du B\u00eachait, 3 \u2013 B 6670 Gouvy<\/p>\n<p>T\u00e9l \u00a0: (080) 51.79.20 E. Mail : <a href=\"mailto:info@gouvy.eu\">info@gouvy.eu<\/a><\/p>\n<h2>Remerciements<\/h2>\n<p>Nous adressons nos remerciements les plus chaleureux \u00e0 M. le Baron Henri d\u2019Otreppe de Bouvette qui a assur\u00e9 la relecture de la premi\u00e8re \u00e9dition (1\u2009997) du pr\u00e9sent document et nous a fourni de pr\u00e9cieux conseils.<\/p>\n<p>Cet ouvrage consacr\u00e9 aux 23 villages de la commune de Gouvy se veut \u00ab \u00e9volutif \u00bb.<\/p>\n<p>Cet ouvrage consacr\u00e9 aux 23 villages de la commune de Gouvy se veut \u00ab \u00e9volutif \u00bb. La troisi\u00e8me \u00e9dition \u00ab papier \u00bb de ce livre (dat\u00e9e de 2\u2009010) en vente sur ce site internet et dans plusieurs commerces de Gouvy comporte d\u00e9j\u00e0 de nombreux ajouts et suppl\u00e9ments par rapport \u00e0 cette seconde \u00e9dition \u00e9lectronique.<\/p>\n<p>Vous pouvez contribuer au perfectionnement de ce travail : donnez-nous votre avis, faites-nous parvenir vos suggestions, vos t\u00e9moignages et les informations dont vous disposez, parlez-nous des lieux de la commune qui vous plaisent, des l\u00e9gendes que vous connaissez, etc.<\/p>\n<p>Envoyez votre courrier \u00e0 :<\/p>\n<p><strong>I.D. Gouvy asbl \u00a9\u00a0<\/strong>Rue du B\u00eachait, 3 \u2013 B 6670 Gouvy<\/p>\n<p>Vous pouvez \u00e9galement nous transmettre des informations par courrier \u00e9lectronique <a href=\"mailto:info@gouvy.eu\">info@gouvy.eu<\/a>.<\/p>\n<p>Merci de votre collaboration.<\/p>\n<h2>Conditions de reproduction<\/h2>\n<p>Ce travail, comme toutes les r\u00e9alisations d&rsquo;<strong>I.D. Gouvy asbl<\/strong>, est l\u2019\u0153uvre de b\u00e9n\u00e9voles. Il est vendu pratiquement au prix coutant, compte tenu des exigences de qualit\u00e9 et d\u2019\u00ab\u00a0\u00e9volutivit\u00e9\u00a0\u00bb que nous avons impos\u00e9es \u00e0 l\u2019imprimeur.<\/p>\n<p>Vous pouvez bien \u00e9videmment l\u2019imprimer pour votre usage personnel. Si vous souhaitez les utiliser \u00e0 des fins didactiques, en tant qu\u2019enseignant, \u00e9l\u00e8ve ou \u00e9tudiant, nous vous fournirons volontiers des extraits sous forme ais\u00e9ment photocopiables ou sous forme de fichiers informatiques pour divers traitements de texte. Contactez-nous \u00e0 l\u2019une des adresses ci-dessous.<\/p>\n<p>Nous souhaitons toutefois pas que l\u2019on mette en vente des copies de moindre qualit\u00e9 ni que l\u2019on \u00ab\u00a0republie\u00a0\u00bb pas ce travail sans notre autorisation.<\/p>\n<p>Merci de votre compr\u00e9hension.<\/p>\n<p>&nbsp;<\/p>\n","protected":false},"excerpt":{"rendered":"<p>Con\u00e7u et r\u00e9alis\u00e9 par I.D. Gouvy asbl \u00a9 En collaboration avec\u00a0le Syndicat d\u2019Initiative des Sources de l\u2019Ourthe Orientale asbl Gouvy, juin 1997, 1re \u00e9dition Janvier 2011 2e \u00e9dition \u00e9lectronique I.D. Gouvy asbl est le cr\u00e9ateur et l\u2019\u00e9diteur responsable du site www.gouvy.eu I.D. Gouvy asbl \u00a9\u00a0Rue du B\u00eachait, 3 \u2013 B 6670 Gouvy T\u00e9l \u00a0: (080) [&hellip;]<\/p>\n","protected":false},"author":1,"featured_media":0,"parent":0,"menu_order":10,"comment_status":"closed","ping_status":"open","template":"","meta":{"footnotes":"","_links_to":"","_links_to_target":""},"class_list":["post-24","page","type-page","status-publish","hentry"],"_links":{"self":[{"href":"https:\/\/gouvy.eu\/livre\/wp-json\/wp\/v2\/pages\/24","targetHints":{"allow":["GET"]}}],"collection":[{"href":"https:\/\/gouvy.eu\/livre\/wp-json\/wp\/v2\/pages"}],"about":[{"href":"https:\/\/gouvy.eu\/livre\/wp-json\/wp\/v2\/types\/page"}],"author":[{"embeddable":true,"href":"https:\/\/gouvy.eu\/livre\/wp-json\/wp\/v2\/users\/1"}],"replies":[{"embeddable":true,"href":"https:\/\/gouvy.eu\/livre\/wp-json\/wp\/v2\/comments?post=24"}],"version-history":[{"count":22,"href":"https:\/\/gouvy.eu\/livre\/wp-json\/wp\/v2\/pages\/24\/revisions"}],"predecessor-version":[{"id":258,"href":"https:\/\/gouvy.eu\/livre\/wp-json\/wp\/v2\/pages\/24\/revisions\/258"}],"wp:attachment":[{"href":"https:\/\/gouvy.eu\/livre\/wp-json\/wp\/v2\/media?parent=24"}],"curies":[{"name":"wp","href":"https:\/\/api.w.org\/{rel}","templated":true}]}}