{"id":35,"date":"2012-01-04T11:20:03","date_gmt":"2012-01-04T11:20:03","guid":{"rendered":"http:\/\/85.201.121.98\/livre\/?page_id=35"},"modified":"2017-02-16T12:20:10","modified_gmt":"2017-02-16T12:20:10","slug":"avertissements","status":"publish","type":"page","link":"https:\/\/gouvy.eu\/livre\/avertissements\/","title":{"rendered":"Avertissements"},"content":{"rendered":"<p>Cette seconde \u00e9dition \u00e9lectronique adopte les rectifications orthographiques propos\u00e9es par le Conseil sup\u00e9rieur de la langue fran\u00e7aise.<\/p>\n<p>L\u2019orthographe de textes en wallon n\u2019est aucunement garantie.<\/p>\n<p>Le texte de cette seconde \u00e9dition \u00e9lectronique est celui de la premi\u00e8re \u00e9dition imprim\u00e9e du livre \u00ab Gouvy 23 villages \u00e0 d\u00e9couvrir au c\u0153ur de la Haute Ardenne \u00bb \u00e9dit\u00e9e en 1997.<\/p>\n<p>Toutefois, les renseignements relatifs aux balades p\u00e9destres et VTT propos\u00e9es par le S.I. Gouvy asbl ont \u00e9t\u00e9 actualis\u00e9s et sont conformes aux donn\u00e9es figurant sur les cartes actuellement mises \u00e0 votre disposition par le Syndicat d\u2019Initiative de Gouvy asbl.<\/p>\n<p>Le nombre d\u2019habitants mentionn\u00e9 pour chaque village a \u00e9galement \u00e9t\u00e9 actualis\u00e9 en tenant compte de la situation connue en date du 09 \/01 \/2\u2009009.<\/p>\n<p>La troisi\u00e8me \u00e9dition \u00ab papier \u00bb de ce livre (dat\u00e9e de 2\u2009010) en vente sur ce site internet et dans plusieurs commerces de Gouvy comporte de nombreux ajouts et suppl\u00e9ments par rapport \u00e0 cette seconde \u00e9dition \u00e9lectronique.<\/p>\n<h2>H\u00e9raldique<\/h2>\n<p><img loading=\"lazy\" decoding=\"async\" class=\"wp-image-281  alignright\" src=\"http:\/\/gouvy.eu\/livre\/files\/Armoiries-Communales.jpg\" width=\"258\" height=\"284\" srcset=\"https:\/\/gouvy.eu\/livre\/files\/Armoiries-Communales.jpg 354w, https:\/\/gouvy.eu\/livre\/files\/Armoiries-Communales-272x300.jpg 272w\" sizes=\"auto, (max-width: 258px) 100vw, 258px\" \/>Les armoiries de la commune de Gouvy, qui figurent ci-contre et sur la couverture, furent octroy\u00e9es \u00e0 la commune de Cherain par un arr\u00eat\u00e9 royal donn\u00e9 \u00e0 Bruxelles le 24\u00a0d\u00e9cembre\u00a01962, \u00e0 la suite d\u2019une demande formul\u00e9e par le Conseil Communal de Cherain le 21\u00a0octobre\u00a01961.<\/p>\n<p>Un arr\u00eat\u00e9 royal donn\u00e9 \u00e0 Bruxelles le 12\u00a0f\u00e9vrier\u00a01980 a autoris\u00e9 le Commune de Gouvy \u00e0 en faire usage.<\/p>\n<p>Les experts d\u00e9crivent ces armoiries comme suit\u00a0:<\/p>\n<p>\u00ab\u00a0\u00e9cartel\u00e9 aux 1\u00a0et 4\u00a0parti \u00e0 dextre de gueules \u00e0 un b\u00e9lier passant d\u2019argent (qui est de Zaluski), \u00e0 senestre d\u2019argent \u00e0 trois fleurs de lis de sable au pied pos\u00e9 (qui est de Rivi\u00e8re d\u2019Arschot)\u2009; aux 2 et 3 d\u2019argent \u00e0 cinq fasces de gueules, au lion brochant d\u2019or arm\u00e9 et lampass\u00e9 de gueules (qui est de Hayne).\u00a0\u00bb<\/p>\n<h2>\u00c9tymologie<\/h2>\n<p>Lorsqu\u2019elle est mentionn\u00e9e, l\u2019\u00e9tymologie des noms de villages est souvent \u00e0 consid\u00e9rer comme \u00ab\u00a0probable\u00a0\u00bb, \u00ab\u00a0vraisemblable\u00a0\u00bb, et, dans certains cas, comme \u00ab\u00a0folklorique\u00a0\u00bb. Elle est donc \u00e0 prendre avec les r\u00e9serves d\u2019usage.<\/p>\n<p>Aujourd\u2019hui encore, les sp\u00e9cialistes manquent encore d\u2019informations pr\u00e9cises \u00e0 ce propos.<\/p>\n<p>&nbsp;<\/p>\n","protected":false},"excerpt":{"rendered":"<p>Cette seconde \u00e9dition \u00e9lectronique adopte les rectifications orthographiques propos\u00e9es par le Conseil sup\u00e9rieur de la langue fran\u00e7aise. L\u2019orthographe de textes en wallon n\u2019est aucunement garantie. Le texte de cette seconde \u00e9dition \u00e9lectronique est celui de la premi\u00e8re \u00e9dition imprim\u00e9e du livre \u00ab Gouvy 23 villages \u00e0 d\u00e9couvrir au c\u0153ur de la Haute Ardenne \u00bb \u00e9dit\u00e9e [&hellip;]<\/p>\n","protected":false},"author":1,"featured_media":0,"parent":0,"menu_order":12,"comment_status":"closed","ping_status":"open","template":"","meta":{"footnotes":"","_links_to":"","_links_to_target":""},"class_list":["post-35","page","type-page","status-publish","hentry"],"_links":{"self":[{"href":"https:\/\/gouvy.eu\/livre\/wp-json\/wp\/v2\/pages\/35","targetHints":{"allow":["GET"]}}],"collection":[{"href":"https:\/\/gouvy.eu\/livre\/wp-json\/wp\/v2\/pages"}],"about":[{"href":"https:\/\/gouvy.eu\/livre\/wp-json\/wp\/v2\/types\/page"}],"author":[{"embeddable":true,"href":"https:\/\/gouvy.eu\/livre\/wp-json\/wp\/v2\/users\/1"}],"replies":[{"embeddable":true,"href":"https:\/\/gouvy.eu\/livre\/wp-json\/wp\/v2\/comments?post=35"}],"version-history":[{"count":5,"href":"https:\/\/gouvy.eu\/livre\/wp-json\/wp\/v2\/pages\/35\/revisions"}],"predecessor-version":[{"id":53,"href":"https:\/\/gouvy.eu\/livre\/wp-json\/wp\/v2\/pages\/35\/revisions\/53"}],"wp:attachment":[{"href":"https:\/\/gouvy.eu\/livre\/wp-json\/wp\/v2\/media?parent=35"}],"curies":[{"name":"wp","href":"https:\/\/api.w.org\/{rel}","templated":true}]}}